{"id":39,"date":"2019-06-10T23:06:13","date_gmt":"2019-06-10T21:06:13","guid":{"rendered":"https:\/\/pro-vent.cl\/?page_id=39"},"modified":"2023-05-04T08:40:29","modified_gmt":"2023-05-04T06:40:29","slug":"inicio","status":"publish","type":"page","link":"https:\/\/pro-vent.cl\/","title":{"rendered":"Inicio"},"content":{"rendered":"\n[et_pb_section fb_built=\u00bb1&#8243; module_id=\u00bbseccion-inicio\u00bb _builder_version=\u00bb3.24&#8243; background_color=\u00bb#ffffff\u00bb use_background_color_gradient=\u00bbon\u00bb background_image=\u00bbhttps:\/\/pro-vent.cl\/wp-content\/uploads\/2019\/06\/10.jpg\u00bb custom_css_before=\u00bb#main-header {||  border-bottom: 8px solid #e8e8e8;||}||@media only screen and (min-width: 980px) {||#main-header.sticky-element-original {||   position: absolute;||   bottom: 0;||   top: auto !important;  ||  }||  #seccion-inicio {||    height: 95vh;||  }||}||\u00bb custom_css_main_element=\u00bbdisplay: flex;||align-items: center;||\u00bb][et_pb_row _builder_version=\u00bb4.5.3&#8243; width=\u00bb100%\u00bb custom_margin=\u00bb||||false|false\u00bb custom_padding=\u00bb95px|||0px|false|false\u00bb hover_enabled=\u00bb0&#8243;][et_pb_column type=\u00bb4_4&#8243; _builder_version=\u00bb3.25&#8243; custom_padding=\u00bb|||\u00bb custom_padding__hover=\u00bb|||\u00bb][et_pb_text _builder_version=\u00bb4.5.3&#8243; text_font=\u00bb||||||||\u00bb text_text_color=\u00bb#ffffff\u00bb text_font_size=\u00bb27px\u00bb header_font=\u00bb|700|||||||\u00bb header_font_size=\u00bb70px\u00bb header_2_font=\u00bb||||||||\u00bb width=\u00bb100%\u00bb custom_margin=\u00bb|-102px|54px|25px||\u00bb custom_padding=\u00bb28px|0px||0px||\u00bb animation_style=\u00bbflip\u00bb animation_duration=\u00bb1050ms\u00bb hover_enabled=\u00bb0&#8243; header_font_size_tablet=\u00bb26px\u00bb header_font_size_phone=\u00bb22px\u00bb header_font_size_last_edited=\u00bbon|phone\u00bb header_text_shadow_style=\u00bbpreset5&#8243; inline_fonts=\u00bbArial,Verdana\u00bb custom_margin_last_edited=\u00bbon|phone\u00bb custom_margin_phone=\u00bb|0px|54px|0px|false|false\u00bb]<h1 style=\"text-align: center;\"><span style=\"color: #14f400; font-family: inherit; font-size: 70px; font-weight: normal;\">Pro-Vent<\/span><\/h1>\n<h1 style=\"text-align: center;\"><span style=\"color: #ffffff; font-family: inherit; font-weight: normal;\">SERVICIOS DE INGENIER\u00cdA <\/span><\/h1>\n<h1 style=\"text-align: center;\"><span style=\"color: #ffffff; font-family: inherit; font-weight: normal;\">PARA LA ENERG\u00cdA SOLAR.<\/span><\/h1>[\/et_pb_text][et_pb_image src=\u00bbhttps:\/\/pro-vent.cl\/wp-content\/uploads\/2019\/06\/indicador.svg\u00bb align=\u00bbcenter\u00bb _builder_version=\u00bb3.26.4&#8243; custom_margin=\u00bb140px||0px|0px|false|false\u00bb animation_style=\u00bbroll\u00bb animation_duration=\u00bb1450ms\u00bb][\/et_pb_image][\/et_pb_column][\/et_pb_row][\/et_pb_section][et_pb_section fb_built=\u00bb1&#8243; admin_label=\u00bbmision\u00bb module_id=\u00bbseccion-mision\u00bb _builder_version=\u00bb3.26.4&#8243; min_height=\u00bb718px\u00bb custom_margin=\u00bb||22px|||\u00bb custom_padding=\u00bb||174px|||\u00bb][et_pb_row _builder_version=\u00bb3.25&#8243; min_height=\u00bb468px\u00bb custom_margin=\u00bb2px|auto||auto||\u00bb custom_padding=\u00bb0px|||||\u00bb][et_pb_column type=\u00bb4_4&#8243; _builder_version=\u00bb3.25&#8243; custom_padding=\u00bb|||\u00bb custom_padding__hover=\u00bb|||\u00bb][et_pb_text _builder_version=\u00bb3.27.4&#8243; header_font=\u00bb||||||||\u00bb header_2_font=\u00bb||||||||\u00bb header_2_font_size=\u00bb45px\u00bb custom_margin=\u00bb25px||||false|false\u00bb animation_style=\u00bbfade\u00bb header_2_font_size_tablet=\u00bb40px\u00bb header_2_font_size_phone=\u00bb30px\u00bb header_2_font_size_last_edited=\u00bbon|phone\u00bb]<h2><span style=\"color: #000000;\">MISI\u00d3N<\/span><\/h2>[\/et_pb_text][et_pb_divider color=\u00bb#7cda24&#8243; divider_position=\u00bbbottom\u00bb divider_weight=\u00bb10px\u00bb _builder_version=\u00bb3.26.4&#8243; width=\u00bb16%\u00bb width_tablet=\u00bb25%\u00bb width_phone=\u00bb30%\u00bb width_last_edited=\u00bbon|desktop\u00bb max_width=\u00bb100%\u00bb min_height=\u00bb0px\u00bb height=\u00bb0px\u00bb max_height=\u00bb0px\u00bb max_height_tablet=\u00bb\u00bb max_height_phone=\u00bb\u00bb max_height_last_edited=\u00bbon|desktop\u00bb custom_margin=\u00bb-25px||0px|0px\u00bb custom_margin_tablet=\u00bb-22px|||\u00bb custom_margin_phone=\u00bb\u00bb custom_margin_last_edited=\u00bbon|desktop\u00bb animation_style=\u00bbzoom\u00bb animation_duration=\u00bb1100ms\u00bb animation_delay=\u00bb100ms\u00bb custom_margin__hover_enabled=\u00bbon\u00bb][\/et_pb_divider][et_pb_text _builder_version=\u00bb3.27.4&#8243; text_font=\u00bb|800|||||||\u00bb text_font_size=\u00bb21px\u00bb text_line_height=\u00bb28px\u00bb text_orientation=\u00bbjustify\u00bb custom_margin=\u00bb20px||0px\u00bb custom_padding=\u00bb20px||0px||false|false\u00bb animation_style=\u00bbfade\u00bb animation_duration=\u00bb1150ms\u00bb animation_delay=\u00bb550ms\u00bb text_text_align=\u00bbjustify\u00bb inline_fonts=\u00bbArial,Georgia\u00bb]<p style=\"text-align: justify;\"><strong><span style=\"font-family: inherit; font-size: x-large;\"><span style=\"color: #000000;\">P<span style=\"color: #68d800;\">ro<\/span>-V<\/span><span style=\"color: #000000;\"><span style=\"color: #7cda24;\">ent<\/span><\/span><\/span><span style=\"color: #000000;\"> Servicios de Ingenier\u00eda,<\/span> tiene como Misi\u00f3n el asesorar en Proyectos\u00a0 a todo tipo de empresas, desde MiPYME a Grandes, en el \u00c1reas de Energ\u00eda Solar Fotovoltaica y T\u00e9rmica. Tenemos el know-how de las Energ\u00eda Renovables No Convencionales. Todos estos servicios ambientalmente sustentables y con un cumplimiento estricto de las Normativa existente de los distintos organismos tanto Privados como Gubernamentales.<\/strong><\/p>\n<p><strong>Nuestro equipo es de Profesionales y T\u00e9cnicos de primer nivel, en las diversas disciplinas en las cuales nuestra empresa brinda sus servicios a los requerimientos de sus diferentes Clientes.<\/strong><\/p>\n<p><strong>La Asesor\u00eda comienza desde la Ingenier\u00eda conceptual, pasando por su implementaci\u00f3n T\u00e9cnica a la posterior entrega e Inscripci\u00f3n, en los casos requeridos.<\/strong><\/p>\n<p><strong>Todo nuestro equipo posee una clara vocaci\u00f3n de atenci\u00f3n al Cliente, lo que asegura que \u00e9ste termine con todos sus necesidades cubiertas.<\/strong><\/p>[\/et_pb_text][\/et_pb_column][\/et_pb_row][\/et_pb_section][et_pb_section fb_built=\u00bb1&#8243; admin_label=\u00bbservicios\u00bb module_id=\u00bbseccion-servicios\u00bb _builder_version=\u00bb3.26.4&#8243; background_color=\u00bb#011627&#8243; background_image=\u00bbhttps:\/\/pro-vent.cl\/wp-content\/uploads\/2019\/06\/servicios-3.jpg\u00bb min_height=\u00bb747px\u00bb][et_pb_row _builder_version=\u00bb3.26.4&#8243; custom_padding=\u00bb0px||||false|false\u00bb][et_pb_column type=\u00bb4_4&#8243; _builder_version=\u00bb3.25&#8243; custom_padding=\u00bb|||\u00bb custom_padding__hover=\u00bb|||\u00bb][et_pb_text _builder_version=\u00bb3.27.4&#8243; header_font=\u00bb||||||||\u00bb header_2_font=\u00bb||||||||\u00bb header_2_font_size=\u00bb45px\u00bb custom_margin=\u00bb19px||||false|false\u00bb animation_style=\u00bbfade\u00bb header_2_font_size_tablet=\u00bb40px\u00bb header_2_font_size_phone=\u00bb30px\u00bb header_2_font_size_last_edited=\u00bbon|phone\u00bb]<h2 style=\"text-align: center;\"><span color=\"#000000\" style=\"color: #000000;\">SERVICIOS<\/span><\/h2>[\/et_pb_text][et_pb_divider color=\u00bb#7cda24&#8243; divider_position=\u00bbbottom\u00bb divider_weight=\u00bb10px\u00bb _builder_version=\u00bb3.24&#8243; width=\u00bb24%\u00bb width_tablet=\u00bb25%\u00bb width_phone=\u00bb30%\u00bb width_last_edited=\u00bbon|desktop\u00bb max_width=\u00bb100%\u00bb module_alignment=\u00bbcenter\u00bb min_height=\u00bb0px\u00bb height=\u00bb0px\u00bb max_height=\u00bb0px\u00bb max_height_tablet=\u00bb\u00bb max_height_phone=\u00bb\u00bb max_height_last_edited=\u00bbon|desktop\u00bb custom_margin=\u00bb-24px||0px|0px\u00bb custom_margin_tablet=\u00bb-22px|||\u00bb custom_margin_phone=\u00bb\u00bb custom_margin_last_edited=\u00bbon|desktop\u00bb animation_style=\u00bbzoom\u00bb animation_duration=\u00bb1100ms\u00bb animation_delay=\u00bb100ms\u00bb custom_margin__hover_enabled=\u00bbon\u00bb][\/et_pb_divider][\/et_pb_column][\/et_pb_row][et_pb_row column_structure=\u00bb1_3,1_3,1_3&#8243; _builder_version=\u00bb3.25&#8243;][et_pb_column type=\u00bb1_3&#8243; _builder_version=\u00bb3.25&#8243; custom_padding=\u00bb|||\u00bb custom_padding__hover=\u00bb|||\u00bb][et_pb_blurb title=\u00bbAsesoria\u00bb image=\u00bbhttps:\/\/pro-vent.cl\/wp-content\/uploads\/2019\/06\/ecoampolleta.png\u00bb _builder_version=\u00bb3.26.4&#8243; header_font=\u00bb|800|||||||\u00bb header_text_color=\u00bb#000000&#8243; header_font_size=\u00bb35px\u00bb body_font=\u00bb|800|||||||\u00bb body_font_size=\u00bb21px\u00bb body_line_height=\u00bb24px\u00bb transform_scale=\u00bb89%|89%\u00bb text_orientation=\u00bbcenter\u00bb custom_margin=\u00bb-60px||||false|false\u00bb custom_padding=\u00bb0px||||false|false\u00bb animation_style=\u00bbzoom\u00bb animation_delay=\u00bb450ms\u00bb animation_intensity_zoom=\u00bb29%\u00bb hover_enabled=\u00bb0&#8243; text_shadow_style=\u00bbpreset3&#8243;]<p><strong><span style=\"color: #000000;\">La Asesor\u00eda comienza desde la Ingenier\u00eda conceptual, pasando por su implementaci\u00f3n T\u00e9cnica a la posterior entrega e Inscripci\u00f3n, en los casos requeridos.<\/span><\/strong><\/p>[\/et_pb_blurb][\/et_pb_column][et_pb_column type=\u00bb1_3&#8243; _builder_version=\u00bb3.25&#8243; custom_padding=\u00bb|||\u00bb custom_padding__hover=\u00bb|||\u00bb][et_pb_blurb title=\u00bbIndustrial\u00bb image=\u00bbhttps:\/\/pro-vent.cl\/wp-content\/uploads\/2019\/06\/ecoindustria.png\u00bb _builder_version=\u00bb3.26.4&#8243; header_font=\u00bb|800|||||||\u00bb header_text_color=\u00bb#000000&#8243; header_font_size=\u00bb35px\u00bb body_font=\u00bb|800|||||||\u00bb body_font_size=\u00bb21px\u00bb body_line_height=\u00bb24px\u00bb transform_scale=\u00bb90%|90%\u00bb text_orientation=\u00bbcenter\u00bb custom_margin=\u00bb-60px||||false|false\u00bb animation_style=\u00bbzoom\u00bb animation_delay=\u00bb450ms\u00bb animation_intensity_zoom=\u00bb30%\u00bb text_shadow_style=\u00bbpreset3&#8243;]<p><strong><span style=\"color: #000000;\">Si su empresa necesita Energ\u00eda El\u00e9ctrica o T\u00e9rmica y no tiene acceso a la Red directa, la soluci\u00f3n es recurrir a la Energ\u00eda Solar.\u00a0<u>Paneles Solares Fotovoltaicos y\u00a0Paneles Solares T\u00e9rmicos.<\/u><\/span><\/strong><\/p>[\/et_pb_blurb][\/et_pb_column][et_pb_column type=\u00bb1_3&#8243; _builder_version=\u00bb3.25&#8243; custom_padding=\u00bb|||\u00bb custom_padding__hover=\u00bb|||\u00bb][et_pb_blurb title=\u00bbDomiciliario\u00bb image=\u00bbhttps:\/\/pro-vent.cl\/wp-content\/uploads\/2019\/06\/ecodomicilio.png\u00bb _builder_version=\u00bb3.26.4&#8243; header_font=\u00bb|800|||||||\u00bb header_text_color=\u00bb#000000&#8243; header_font_size=\u00bb35px\u00bb body_font=\u00bb|800|||||||\u00bb body_font_size=\u00bb21px\u00bb body_line_height=\u00bb24px\u00bb transform_scale=\u00bb89%|89%\u00bb text_orientation=\u00bbcenter\u00bb custom_margin=\u00bb-60px||||false|false\u00bb animation_style=\u00bbzoom\u00bb animation_delay=\u00bb750ms\u00bb animation_intensity_zoom=\u00bb30%\u00bb text_shadow_style=\u00bbpreset3&#8243;]<p><strong><span style=\"color: #000000;\">Si su domicilio est\u00e1 lejos o es muy caro el acceso a la Red el\u00e9ctrica, la soluci\u00f3n es <u>Paneles Solares Fotovoltaicos.<\/u> \u00bfNecesita Agua Caliente o su piscina tiene Agua muy helada? Los Paneles Solares T\u00e9rmicos deben ser su soluci\u00f3n.\u00a0<\/span><\/strong><\/p>[\/et_pb_blurb][\/et_pb_column][\/et_pb_row][\/et_pb_section][et_pb_section fb_built=\u00bb1&#8243; admin_label=\u00bbmantencion\u00bb module_id=\u00bbseccion-mantencion\u00bb _builder_version=\u00bb3.26.4&#8243; min_height=\u00bb750px\u00bb custom_margin=\u00bb||-17px|||\u00bb animation_style=\u00bbfold\u00bb animation_direction=\u00bbleft\u00bb][et_pb_row _builder_version=\u00bb3.26.4&#8243;][et_pb_column type=\u00bb4_4&#8243; _builder_version=\u00bb3.26.4&#8243;][et_pb_text _builder_version=\u00bb3.27.4&#8243; header_font=\u00bb||||||||\u00bb header_2_font=\u00bb||||||||\u00bb header_2_font_size=\u00bb45px\u00bb header_2_font_size_tablet=\u00bb40px\u00bb header_2_font_size_phone=\u00bb30px\u00bb header_2_font_size_last_edited=\u00bbon|phone\u00bb]<h2 style=\"text-align: center;\"><span style=\"color: #000000;\">MANTENCI\u00d3N<\/span><\/h2>[\/et_pb_text][et_pb_divider color=\u00bb#7cda24&#8243; divider_position=\u00bbbottom\u00bb divider_weight=\u00bb10px\u00bb _builder_version=\u00bb3.26.4&#8243; width=\u00bb30%\u00bb width_tablet=\u00bb25%\u00bb width_phone=\u00bb30%\u00bb width_last_edited=\u00bbon|desktop\u00bb max_width=\u00bb100%\u00bb module_alignment=\u00bbcenter\u00bb min_height=\u00bb0px\u00bb height=\u00bb0px\u00bb max_height=\u00bb0px\u00bb max_height_tablet=\u00bb\u00bb max_height_phone=\u00bb\u00bb max_height_last_edited=\u00bbon|desktop\u00bb custom_margin=\u00bb-20px||0px|0px\u00bb custom_margin_tablet=\u00bb-22px|||\u00bb custom_margin_phone=\u00bb\u00bb custom_margin_last_edited=\u00bbon|desktop\u00bb animation_style=\u00bbzoom\u00bb animation_duration=\u00bb1100ms\u00bb animation_delay=\u00bb100ms\u00bb custom_margin__hover_enabled=\u00bbon\u00bb][\/et_pb_divider][\/et_pb_column][\/et_pb_row][et_pb_row column_structure=\u00bb1_2,1_2&#8243; _builder_version=\u00bb3.26.4&#8243;][et_pb_column type=\u00bb1_2&#8243; _builder_version=\u00bb3.26.4&#8243;][et_pb_text _builder_version=\u00bb3.27.4&#8243; text_font=\u00bb|800|||||||\u00bb text_text_color=\u00bb#000000&#8243; text_font_size=\u00bb21px\u00bb text_orientation=\u00bbjustify\u00bb text_text_align=\u00bbjustify\u00bb]<h5><span style=\"color: #000000;\">Limpieza<\/span><\/h5>\n<p><span style=\"color: #000000;\"><\/span><\/p>\n<p><strong><span style=\"color: #000000;\">La acumulaci\u00f3n de polvo y suciedad en los m\u00f3dulos FV, al igual que objetos como hojas, papeles, excremento de animales, ramas de \u00e1rboles, impiden el ingreso de la energ\u00eda solar en las c\u00e9lulas FV y ocasiona una disminuci6n de energ\u00eda el\u00e9ctrica generada. La limpieza es econ\u00f3mica y eficiente cuando las p\u00e9rdidas evitadas superan el costo de la limpieza.<\/span><\/strong><\/p>[\/et_pb_text][\/et_pb_column][et_pb_column type=\u00bb1_2&#8243; _builder_version=\u00bb3.26.4&#8243;][et_pb_slider _builder_version=\u00bb3.26.4&#8243; width=\u00bb100%\u00bb content_max_width=\u00bb100%\u00bb min_height=\u00bb360px\u00bb auto=\u00bbon\u00bb auto_speed=\u00bb4000&#8243;][et_pb_slide _builder_version=\u00bb3.26.4&#8243; background_image=\u00bbhttps:\/\/pro-vent.cl\/wp-content\/uploads\/2019\/07\/Imagen-1-2.png\u00bb background_enable_image=\u00bbon\u00bb][\/et_pb_slide][et_pb_slide _builder_version=\u00bb3.26.4&#8243; background_image=\u00bbhttps:\/\/pro-vent.cl\/wp-content\/uploads\/2019\/08\/servicios-1.jpg\u00bb background_enable_image=\u00bbon\u00bb][\/et_pb_slide][et_pb_slide _builder_version=\u00bb3.26.4&#8243; background_image=\u00bbhttps:\/\/pro-vent.cl\/wp-content\/uploads\/2019\/08\/Mantencion-1.jpg\u00bb background_enable_image=\u00bbon\u00bb][\/et_pb_slide][et_pb_slide _builder_version=\u00bb3.26.4&#8243; background_image=\u00bbhttps:\/\/pro-vent.cl\/wp-content\/uploads\/2019\/08\/operacion-2-1.jpg\u00bb background_enable_image=\u00bbon\u00bb][\/et_pb_slide][\/et_pb_slider][\/et_pb_column][\/et_pb_row][\/et_pb_section][et_pb_section fb_built=\u00bb1&#8243; admin_label=\u00bboperacion\u00bb module_id=\u00bbseccion-operacion\u00bb _builder_version=\u00bb3.26.4&#8243; custom_margin=\u00bb||122px|||\u00bb animation_style=\u00bbfold\u00bb animation_direction=\u00bbright\u00bb animation_duration=\u00bb1300ms\u00bb][et_pb_row _builder_version=\u00bb3.26.4&#8243;][et_pb_column type=\u00bb4_4&#8243; _builder_version=\u00bb3.26.4&#8243;][et_pb_text _builder_version=\u00bb3.27.4&#8243; header_font=\u00bb||||||||\u00bb header_2_font=\u00bb||||||||\u00bb header_2_font_size=\u00bb45px\u00bb header_2_font_size_tablet=\u00bb40px\u00bb header_2_font_size_phone=\u00bb30px\u00bb header_2_font_size_last_edited=\u00bbon|phone\u00bb]<h2 style=\"text-align: center;\"><span color=\"#000000\" style=\"color: #000000;\">OPERACI\u00d3N<\/span><\/h2>[\/et_pb_text][et_pb_divider color=\u00bb#7cda24&#8243; divider_position=\u00bbbottom\u00bb divider_weight=\u00bb10px\u00bb _builder_version=\u00bb3.26.4&#8243; width=\u00bb28%\u00bb width_tablet=\u00bb25%\u00bb width_phone=\u00bb30%\u00bb width_last_edited=\u00bbon|desktop\u00bb max_width=\u00bb100%\u00bb module_alignment=\u00bbcenter\u00bb min_height=\u00bb0px\u00bb height=\u00bb0px\u00bb max_height=\u00bb0px\u00bb max_height_tablet=\u00bb\u00bb max_height_phone=\u00bb\u00bb max_height_last_edited=\u00bbon|desktop\u00bb custom_margin=\u00bb-20px||0px|0px\u00bb custom_margin_tablet=\u00bb-22px|||\u00bb custom_margin_phone=\u00bb\u00bb custom_margin_last_edited=\u00bbon|desktop\u00bb animation_style=\u00bbzoom\u00bb animation_duration=\u00bb1100ms\u00bb animation_delay=\u00bb100ms\u00bb custom_margin__hover_enabled=\u00bbon\u00bb][\/et_pb_divider][\/et_pb_column][\/et_pb_row][et_pb_row column_structure=\u00bb1_2,1_2&#8243; _builder_version=\u00bb3.26.4&#8243; custom_padding=\u00bb5px||||false|false\u00bb animation_style=\u00bbfold\u00bb animation_direction=\u00bbright\u00bb][et_pb_column type=\u00bb1_2&#8243; _builder_version=\u00bb3.26.4&#8243;][et_pb_slider _builder_version=\u00bb3.26.4&#8243; transform_scale=\u00bb85%|85%\u00bb width=\u00bb100%\u00bb min_height=\u00bb406px\u00bb custom_margin=\u00bb-26px||||false|false\u00bb auto=\u00bbon\u00bb auto_speed=\u00bb4000&#8243;][et_pb_slide _builder_version=\u00bb3.26.4&#8243; background_image=\u00bbhttps:\/\/pro-vent.cl\/wp-content\/uploads\/2019\/08\/operacion-1-1.jpg\u00bb background_enable_image=\u00bbon\u00bb][\/et_pb_slide][et_pb_slide _builder_version=\u00bb3.26.4&#8243; background_image=\u00bbhttps:\/\/pro-vent.cl\/wp-content\/uploads\/2019\/08\/OP-r2.jpg\u00bb background_enable_image=\u00bbon\u00bb][\/et_pb_slide][et_pb_slide _builder_version=\u00bb3.26.4&#8243; background_image=\u00bbhttps:\/\/pro-vent.cl\/wp-content\/uploads\/2019\/08\/OP-mon-C.jpg\u00bb background_enable_image=\u00bbon\u00bb][\/et_pb_slide][et_pb_slide _builder_version=\u00bb3.26.4&#8243; background_image=\u00bbhttps:\/\/pro-vent.cl\/wp-content\/uploads\/2019\/08\/OP-mon-D.jpg\u00bb background_enable_image=\u00bbon\u00bb][\/et_pb_slide][\/et_pb_slider][\/et_pb_column][et_pb_column type=\u00bb1_2&#8243; _builder_version=\u00bb3.26.4&#8243;][et_pb_text _builder_version=\u00bb3.27.4&#8243; text_font=\u00bb|800|||||||\u00bb text_font_size=\u00bb21px\u00bb text_orientation=\u00bbjustify\u00bb text_text_align=\u00bbjustify\u00bb]<p><strong><span style=\"color: #000000;\">Operar un sistema FV significa observar e interpretar los datos del monitoreo continuamente. Aunque el monitoreo env\u00ede una alarma en caso de una falla grave, muchas veces se puede identificar el desarrollo de problemas antes de que resulten en danos graves. Sin embargo ocurren excepciones, en donde dif\u00edcilmente se puede identificar en los datos.<\/span><\/strong><\/p>[\/et_pb_text][\/et_pb_column][\/et_pb_row][\/et_pb_section][et_pb_section fb_built=\u00bb1&#8243; admin_label=\u00bbcontacto\u00bb module_id=\u00bbseccion-contacto\u00bb _builder_version=\u00bb3.26.4&#8243;][et_pb_row _builder_version=\u00bb3.25&#8243;][et_pb_column type=\u00bb4_4&#8243; _builder_version=\u00bb3.25&#8243; custom_padding=\u00bb|||\u00bb custom_padding__hover=\u00bb|||\u00bb][et_pb_text _builder_version=\u00bb3.27.4&#8243; header_font=\u00bb||||||||\u00bb header_2_font=\u00bb||||||||\u00bb header_2_font_size=\u00bb45px\u00bb animation_style=\u00bbfade\u00bb header_2_font_size_tablet=\u00bb40px\u00bb header_2_font_size_phone=\u00bb30px\u00bb header_2_font_size_last_edited=\u00bbon|phone\u00bb]<h2><span style=\"color: #000000;\">CONTACTO<\/span><\/h2>[\/et_pb_text][et_pb_divider color=\u00bb#7cda24&#8243; divider_position=\u00bbbottom\u00bb divider_weight=\u00bb10px\u00bb _builder_version=\u00bb3.24&#8243; width=\u00bb25%\u00bb width_tablet=\u00bb25%\u00bb width_phone=\u00bb30%\u00bb width_last_edited=\u00bbon|desktop\u00bb max_width=\u00bb100%\u00bb min_height=\u00bb0px\u00bb height=\u00bb0px\u00bb max_height=\u00bb0px\u00bb max_height_tablet=\u00bb\u00bb max_height_phone=\u00bb\u00bb max_height_last_edited=\u00bbon|desktop\u00bb custom_margin=\u00bb-25px||0px|0px\u00bb custom_margin_tablet=\u00bb-22px|||\u00bb custom_margin_phone=\u00bb\u00bb custom_margin_last_edited=\u00bbon|desktop\u00bb animation_style=\u00bbzoom\u00bb animation_duration=\u00bb1100ms\u00bb animation_delay=\u00bb100ms\u00bb custom_margin__hover_enabled=\u00bbon\u00bb][\/et_pb_divider][et_pb_text _builder_version=\u00bb3.27.4&#8243; text_font=\u00bb|700|||||||\u00bb text_text_color=\u00bb#000000&#8243; text_font_size=\u00bb20px\u00bb custom_margin=\u00bb||0px\u00bb custom_padding=\u00bb15px||0px\u00bb animation_style=\u00bbfade\u00bb]<p><b>Para un mejor analisis de tus necesidades, envianos tus datos y asi podremos entregarte la informacion necesaria\u00a0 para que tomes la mejor decision. <\/b><\/p>\n<p><b>NOTA: No olvide completar la operaci\u00f3n de seguridad para enviar el mensaje. \u00a1Gracias!<\/b><\/p>[\/et_pb_text][et_pb_contact_form email=\u00bbinfo@pro-vent.cl\u00bb success_message=\u00bbMuchas Gracias.\u00bb submit_button_text=\u00bbEnviar Mensaje\u00bb _builder_version=\u00bb4.5.3&#8243; title_font=\u00bb||||||||\u00bb captcha_font=\u00bb|600|||||||\u00bb captcha_font_size=\u00bb24px\u00bb form_field_font=\u00bb|600|||||||\u00bb background_color=\u00bb#ffffff\u00bb custom_button=\u00bbon\u00bb button_text_color=\u00bb#ffffff\u00bb button_bg_color=\u00bb#7cda24&#8243; button_font=\u00bb|600|||||||\u00bb transform_scale=\u00bb89%|89%\u00bb custom_margin=\u00bb20px||\u00bb animation_style=\u00bbflip\u00bb hover_enabled=\u00bb0&#8243; form_field_text_color=\u00bb#707070&#8243; form_field_focus_background_color=\u00bb#000000&#8243; form_field_focus_text_color=\u00bb#ffffff\u00bb title_font_size=\u00bb26px\u00bb form_field_font_size=\u00bb16px\u00bb captcha_text_color=\u00bb#6b6b6b\u00bb button_border_radius=\u00bb5px\u00bb button_text_size=\u00bb21px\u00bb custom_message=\u00bbContacto Pagina Web||et_pb_line_break_holder||||et_pb_line_break_holder||Nombre:  %%Name%%||et_pb_line_break_holder||Telefono:  %%Tel\u00e9fono%%||et_pb_line_break_holder||E-Mail:  %%Email%%||et_pb_line_break_holder||Mensaje:  %%Message%%\u00bb][et_pb_contact_field field_id=\u00bbName\u00bb field_title=\u00bbNombre\u00bb _builder_version=\u00bb4.5.3&#8243; hover_enabled=\u00bb0&#8243; button_text_size__hover_enabled=\u00bboff\u00bb button_one_text_size__hover_enabled=\u00bboff\u00bb button_two_text_size__hover_enabled=\u00bboff\u00bb button_text_color__hover_enabled=\u00bboff\u00bb button_one_text_color__hover_enabled=\u00bboff\u00bb button_two_text_color__hover_enabled=\u00bboff\u00bb button_border_width__hover_enabled=\u00bboff\u00bb button_one_border_width__hover_enabled=\u00bboff\u00bb button_two_border_width__hover_enabled=\u00bboff\u00bb button_border_color__hover_enabled=\u00bboff\u00bb button_one_border_color__hover_enabled=\u00bboff\u00bb button_two_border_color__hover_enabled=\u00bboff\u00bb button_border_radius__hover_enabled=\u00bboff\u00bb button_one_border_radius__hover_enabled=\u00bboff\u00bb button_two_border_radius__hover_enabled=\u00bboff\u00bb button_letter_spacing__hover_enabled=\u00bboff\u00bb button_one_letter_spacing__hover_enabled=\u00bboff\u00bb button_two_letter_spacing__hover_enabled=\u00bboff\u00bb button_bg_color__hover_enabled=\u00bboff\u00bb button_one_bg_color__hover_enabled=\u00bboff\u00bb button_two_bg_color__hover_enabled=\u00bboff\u00bb][\/et_pb_contact_field][et_pb_contact_field field_id=\u00bbEmail\u00bb field_title=\u00bbDirecci\u00f3n de correo electr\u00f3nico\u00bb field_type=\u00bbemail\u00bb _builder_version=\u00bb3.16&#8243; button_text_size__hover_enabled=\u00bboff\u00bb button_one_text_size__hover_enabled=\u00bboff\u00bb button_two_text_size__hover_enabled=\u00bboff\u00bb button_text_color__hover_enabled=\u00bboff\u00bb button_one_text_color__hover_enabled=\u00bboff\u00bb button_two_text_color__hover_enabled=\u00bboff\u00bb button_border_width__hover_enabled=\u00bboff\u00bb button_one_border_width__hover_enabled=\u00bboff\u00bb button_two_border_width__hover_enabled=\u00bboff\u00bb button_border_color__hover_enabled=\u00bboff\u00bb button_one_border_color__hover_enabled=\u00bboff\u00bb button_two_border_color__hover_enabled=\u00bboff\u00bb button_border_radius__hover_enabled=\u00bboff\u00bb button_one_border_radius__hover_enabled=\u00bboff\u00bb button_two_border_radius__hover_enabled=\u00bboff\u00bb button_letter_spacing__hover_enabled=\u00bboff\u00bb button_one_letter_spacing__hover_enabled=\u00bboff\u00bb button_two_letter_spacing__hover_enabled=\u00bboff\u00bb button_bg_color__hover_enabled=\u00bboff\u00bb button_one_bg_color__hover_enabled=\u00bboff\u00bb button_two_bg_color__hover_enabled=\u00bboff\u00bb][\/et_pb_contact_field][et_pb_contact_field field_id=\u00bbTel\u00e9fono\u00bb field_title=\u00bbTel\u00e9fono\u00bb fullwidth_field=\u00bbon\u00bb _builder_version=\u00bb3.24&#8243;][\/et_pb_contact_field][et_pb_contact_field field_id=\u00bbMessage\u00bb field_title=\u00bbMensaje\u00bb field_type=\u00bbtext\u00bb fullwidth_field=\u00bbon\u00bb _builder_version=\u00bb3.16&#8243; button_text_size__hover_enabled=\u00bboff\u00bb button_one_text_size__hover_enabled=\u00bboff\u00bb button_two_text_size__hover_enabled=\u00bboff\u00bb button_text_color__hover_enabled=\u00bboff\u00bb button_one_text_color__hover_enabled=\u00bboff\u00bb button_two_text_color__hover_enabled=\u00bboff\u00bb button_border_width__hover_enabled=\u00bboff\u00bb button_one_border_width__hover_enabled=\u00bboff\u00bb button_two_border_width__hover_enabled=\u00bboff\u00bb button_border_color__hover_enabled=\u00bboff\u00bb button_one_border_color__hover_enabled=\u00bboff\u00bb button_two_border_color__hover_enabled=\u00bboff\u00bb button_border_radius__hover_enabled=\u00bboff\u00bb button_one_border_radius__hover_enabled=\u00bboff\u00bb button_two_border_radius__hover_enabled=\u00bboff\u00bb button_letter_spacing__hover_enabled=\u00bboff\u00bb button_one_letter_spacing__hover_enabled=\u00bboff\u00bb button_two_letter_spacing__hover_enabled=\u00bboff\u00bb button_bg_color__hover_enabled=\u00bboff\u00bb button_one_bg_color__hover_enabled=\u00bboff\u00bb button_two_bg_color__hover_enabled=\u00bboff\u00bb][\/et_pb_contact_field][\/et_pb_contact_form][\/et_pb_column][\/et_pb_row][\/et_pb_section]\n","protected":false},"excerpt":{"rendered":"<p>Pro-Vent SERVICIOS DE INGENIER\u00cdA PARA LA ENERG\u00cdA SOLAR.MISI\u00d3NPro-Vent Servicios de Ingenier\u00eda, tiene como Misi\u00f3n el asesorar en Proyectos\u00a0 a todo tipo de empresas, desde MiPYME a Grandes, en el \u00c1reas de Energ\u00eda Solar Fotovoltaica y T\u00e9rmica. Tenemos el know-how de las Energ\u00eda Renovables No Convencionales. Todos estos servicios ambientalmente sustentables y con un cumplimiento estricto [&hellip;]<\/p>\n","protected":false},"author":1,"featured_media":0,"parent":0,"menu_order":0,"comment_status":"closed","ping_status":"closed","template":"","meta":{"_et_pb_use_builder":"on","_et_pb_old_content":"","_et_gb_content_width":"","inline_featured_image":false,"footnotes":""},"class_list":["post-39","page","type-page","status-publish","hentry"],"_links":{"self":[{"href":"https:\/\/pro-vent.cl\/index.php?rest_route=\/wp\/v2\/pages\/39","targetHints":{"allow":["GET"]}}],"collection":[{"href":"https:\/\/pro-vent.cl\/index.php?rest_route=\/wp\/v2\/pages"}],"about":[{"href":"https:\/\/pro-vent.cl\/index.php?rest_route=\/wp\/v2\/types\/page"}],"author":[{"embeddable":true,"href":"https:\/\/pro-vent.cl\/index.php?rest_route=\/wp\/v2\/users\/1"}],"replies":[{"embeddable":true,"href":"https:\/\/pro-vent.cl\/index.php?rest_route=%2Fwp%2Fv2%2Fcomments&post=39"}],"version-history":[{"count":74,"href":"https:\/\/pro-vent.cl\/index.php?rest_route=\/wp\/v2\/pages\/39\/revisions"}],"predecessor-version":[{"id":274,"href":"https:\/\/pro-vent.cl\/index.php?rest_route=\/wp\/v2\/pages\/39\/revisions\/274"}],"wp:attachment":[{"href":"https:\/\/pro-vent.cl\/index.php?rest_route=%2Fwp%2Fv2%2Fmedia&parent=39"}],"curies":[{"name":"wp","href":"https:\/\/api.w.org\/{rel}","templated":true}]}}